{"id":85,"date":"2022-01-30T16:04:04","date_gmt":"2022-01-30T16:04:04","guid":{"rendered":"http:\/\/laineetreves.com\/?page_id=85"},"modified":"2023-02-12T19:16:26","modified_gmt":"2023-02-12T19:16:26","slug":"meerweten","status":"publish","type":"page","link":"https:\/\/laineetreves.com\/fr\/meerweten\/","title":{"rendered":""},"content":{"rendered":"<div class=\"wp-block-group\"><div class=\"wp-block-group__inner-container is-layout-flow wp-block-group-is-layout-flow\"><div class=\"wp-block-image\">\n<figure class=\"aligncenter size-large is-resized\"><img loading=\"lazy\" decoding=\"async\" src=\"https:\/\/laineetreves.com\/wp-content\/uploads\/2023\/01\/Laine-et-Reves.png\" alt=\"\" class=\"wp-image-744\" width=\"417\" height=\"98\" srcset=\"https:\/\/laineetreves.com\/wp-content\/uploads\/2023\/01\/Laine-et-Reves.png 1570w, https:\/\/laineetreves.com\/wp-content\/uploads\/2023\/01\/Laine-et-Reves-300x158.png 300w, https:\/\/laineetreves.com\/wp-content\/uploads\/2023\/01\/Laine-et-Reves-1024x540.png 1024w, https:\/\/laineetreves.com\/wp-content\/uploads\/2023\/01\/Laine-et-Reves-768x405.png 768w, https:\/\/laineetreves.com\/wp-content\/uploads\/2023\/01\/Laine-et-Reves-1536x810.png 1536w, https:\/\/laineetreves.com\/wp-content\/uploads\/2023\/01\/Laine-et-Reves-18x9.png 18w, https:\/\/laineetreves.com\/wp-content\/uploads\/2023\/01\/Laine-et-Reves-600x316.png 600w\" sizes=\"auto, (max-width: 417px) 100vw, 417px\" \/><\/figure>\n<\/div><\/div><\/div>\n\n\n\n<p><\/p>\n\n\n\n<p class=\"has-text-align-left Simple Custom CSS has-text-color\" style=\"color:#650000;font-size:26px\"><strong>En savoir plus\u00a0<\/strong><\/p>\n\n\n\n<p class=\"has-text-align-left has-text-color\" style=\"color:#650000\">Int\u00e9ressant n\u2019est-ce pas!? Vous avez une question? Regardez si elle se trouve ci-dessous. <strong>Pour avoir la r\u00e9ponse cliquez sur la question. <\/strong>Et prenez contact avec moi si vos questions n\u2019ont pas eu de r\u00e9ponses.<\/p>\n\n\n<div class=\"wp-block-ub-content-toggle wp-block-ub-content-toggle-block\" id=\"ub-content-toggle-block-47004acf-00a9-419a-ba3a-8e2e913f90c8\" data-mobilecollapse=\"true\" data-desktopcollapse=\"true\" data-preventcollapse=\"false\" data-showonlyone=\"false\">\n<div class=\"wp-block-ub-content-toggle-accordion\" style=\"border-color: #ffffff; \" id=\"ub-content-toggle-panel-block-\">\n\t\t\t<div class=\"wp-block-ub-content-toggle-accordion-title-wrap\" style=\"background-color: #ffffff;\" aria-controls=\"ub-content-toggle-panel-0-47004acf-00a9-419a-ba3a-8e2e913f90c8\" tabindex=\"0\">\n\t\t\t<p class=\"wp-block-ub-content-toggle-accordion-title ub-content-toggle-title-47004acf-00a9-419a-ba3a-8e2e913f90c8\" style=\"color: #650000; \"><strong>Quels avantages y a-t-il \u00e0 dormir sur de la laine\u00a0?<\/strong><\/p>\n\t\t\t<div class=\"wp-block-ub-content-toggle-accordion-toggle-wrap right\" style=\"color: #d18854;\"><span class=\"wp-block-ub-content-toggle-accordion-state-indicator wp-block-ub-math-plus\"><\/span><\/div>\n\t\t<\/div>\n\t\t\t<div role=\"region\" aria-expanded=\"false\" class=\"wp-block-ub-content-toggle-accordion-content-wrap ub-hide\" id=\"ub-content-toggle-panel-0-47004acf-00a9-419a-ba3a-8e2e913f90c8\">\n\n<p class=\"has-text-color\" style=\"color:#650000\">La laine est la toison du mouton. L\u2019hiver elle le prot\u00e8ge des intemp\u00e9ries, du froid et de la pluie gr\u00e2ce \u00e0 la couche d\u2019air isolante entre les fibres de laine. En \u00e9t\u00e9, elle le pr\u00e9servede la chaleur et du soleil car la laine ventile extr\u00eamement bien et garde la peau du mouton \u00e0 l\u2019ombre. Depuis tr\u00e8s longtemps la laine est utilis\u00e9e pour prot\u00e9ger l\u2019humain du froid, de la chaleur et de l\u2019humidit\u00e9. La laine a des caract\u00e9ristiques naturelles tr\u00e8s int\u00e9ressantes pour nous. Et chaque race ovine a des qualit\u00e9s diff\u00e9rentes. Pour le matelas nous avons besoin de fibres fines et tr\u00e8s fris\u00e9es. Cela donne la souplesse et le ressort au matelas, le rebondi. \nSes propri\u00e9t\u00e9s de transfert et r\u00e9gulation de l\u2019humidit\u00e9 sont exceptionnelles : elle peut absorber un tiers de son poids en vapeur d\u2019eau sans perdre sa qualit\u00e9 thermique et sans donner de sensation de moiteur. Pour le couchage c\u2019est une qualit\u00e9 tr\u00e8s int\u00e9ressante, sachant que la nuit nous transpirons naturellement. La laine r\u00e9gule et transf\u00e8re cette transpiration facilement vers l\u2019ext\u00e9rieur.\nLa laine isole du froid aussi bien que du chaud. Elle maintient le corps \u00e0 une temp\u00e9rature id\u00e9ale et tr\u00e8s confortable pendant le sommeil. Elle prend aussi tr\u00e8s vite la chaleur du corps.\nGr\u00e2ce \u00e0 ces qualit\u00e9s r\u00e9gulatrices de chaleur et d\u2019humidit\u00e9, les matelas en laine restent sains et secs o\u00f9 l\u2019acarien ne pourra pas facilement survire.\nElle est aussi anti-bact\u00e9rienne et antistatique. Elle ne produit pas d\u2019\u00e9lectricit\u00e9 statique ce qui permet un repos des rythmes physiques id\u00e9al. Elle n\u2019attire donc pas non plus la poussi\u00e8re, ce qui facilite l\u2019entretien.\nLa laine \u00e9tant un produit naturel et n\u2019ayant pas subi de traitements, aucune particule pouvant polluer l\u2019aire que l\u2019on respire en dormant ne sera \u00e9mise par le matelas. La laine absorbe et fixe m\u00eame les polluants de l\u2019air int\u00e9rieur comme le formald\u00e9hyde et autres COV. \nEt enfin, elle ne br\u00fble pas, ne s\u2019enflammant pas, elle se consume sans d\u00e9gager de vapeurs toxiques.<\/p>\n\n\n\n<figure class=\"wp-block-gallery has-nested-images columns-default is-cropped wp-block-gallery-1 is-layout-flex wp-block-gallery-is-layout-flex\">\n<figure class=\"wp-block-image size-large is-style-default\"><img loading=\"lazy\" decoding=\"async\" width=\"2560\" height=\"1920\" data-id=\"480\" src=\"https:\/\/laineetreves.com\/wp-content\/uploads\/2022\/07\/IMG_4299-scaled.jpg\" alt=\"\" class=\"wp-image-480\" srcset=\"https:\/\/laineetreves.com\/wp-content\/uploads\/2022\/07\/IMG_4299-scaled.jpg 2560w, https:\/\/laineetreves.com\/wp-content\/uploads\/2022\/07\/IMG_4299-300x225.jpg 300w, https:\/\/laineetreves.com\/wp-content\/uploads\/2022\/07\/IMG_4299-1024x768.jpg 1024w, https:\/\/laineetreves.com\/wp-content\/uploads\/2022\/07\/IMG_4299-768x576.jpg 768w, https:\/\/laineetreves.com\/wp-content\/uploads\/2022\/07\/IMG_4299-1536x1152.jpg 1536w, https:\/\/laineetreves.com\/wp-content\/uploads\/2022\/07\/IMG_4299-2048x1536.jpg 2048w, https:\/\/laineetreves.com\/wp-content\/uploads\/2022\/07\/IMG_4299-600x450.jpg 600w\" sizes=\"auto, (max-width: 2560px) 100vw, 2560px\" \/><\/figure>\n\n\n\n<figure class=\"wp-block-image size-large is-style-default\"><img loading=\"lazy\" decoding=\"async\" width=\"1920\" height=\"1632\" data-id=\"479\" src=\"https:\/\/laineetreves.com\/wp-content\/uploads\/2022\/07\/IMG_4317-scaled-e1658259289764.jpg\" alt=\"\" class=\"wp-image-479\" srcset=\"https:\/\/laineetreves.com\/wp-content\/uploads\/2022\/07\/IMG_4317-scaled-e1658259289764.jpg 1920w, https:\/\/laineetreves.com\/wp-content\/uploads\/2022\/07\/IMG_4317-scaled-e1658259289764-300x255.jpg 300w, https:\/\/laineetreves.com\/wp-content\/uploads\/2022\/07\/IMG_4317-scaled-e1658259289764-1024x870.jpg 1024w, https:\/\/laineetreves.com\/wp-content\/uploads\/2022\/07\/IMG_4317-scaled-e1658259289764-768x653.jpg 768w, https:\/\/laineetreves.com\/wp-content\/uploads\/2022\/07\/IMG_4317-scaled-e1658259289764-1536x1306.jpg 1536w, https:\/\/laineetreves.com\/wp-content\/uploads\/2022\/07\/IMG_4317-scaled-e1658259289764-600x510.jpg 600w\" sizes=\"auto, (max-width: 1920px) 100vw, 1920px\" \/><\/figure>\n\n\n\n<figure class=\"wp-block-image size-large is-style-default\"><img loading=\"lazy\" decoding=\"async\" width=\"2560\" height=\"1920\" data-id=\"478\" src=\"https:\/\/laineetreves.com\/wp-content\/uploads\/2022\/07\/IMG_4315-scaled.jpg\" alt=\"\" class=\"wp-image-478\" srcset=\"https:\/\/laineetreves.com\/wp-content\/uploads\/2022\/07\/IMG_4315-scaled.jpg 2560w, https:\/\/laineetreves.com\/wp-content\/uploads\/2022\/07\/IMG_4315-300x225.jpg 300w, https:\/\/laineetreves.com\/wp-content\/uploads\/2022\/07\/IMG_4315-1024x768.jpg 1024w, https:\/\/laineetreves.com\/wp-content\/uploads\/2022\/07\/IMG_4315-768x576.jpg 768w, https:\/\/laineetreves.com\/wp-content\/uploads\/2022\/07\/IMG_4315-1536x1152.jpg 1536w, https:\/\/laineetreves.com\/wp-content\/uploads\/2022\/07\/IMG_4315-2048x1536.jpg 2048w, https:\/\/laineetreves.com\/wp-content\/uploads\/2022\/07\/IMG_4315-600x450.jpg 600w\" sizes=\"auto, (max-width: 2560px) 100vw, 2560px\" \/><\/figure>\n<\/figure>\n\n<\/div>\n\t\t<\/div>\n\n<div class=\"wp-block-ub-content-toggle-accordion\" style=\"border-color: #ffffff; \" id=\"ub-content-toggle-panel-block-\">\n\t\t\t<div class=\"wp-block-ub-content-toggle-accordion-title-wrap\" style=\"background-color: #ffffff;\" aria-controls=\"ub-content-toggle-panel-1-47004acf-00a9-419a-ba3a-8e2e913f90c8\" tabindex=\"0\">\n\t\t\t<p class=\"wp-block-ub-content-toggle-accordion-title ub-content-toggle-title-47004acf-00a9-419a-ba3a-8e2e913f90c8\" style=\"color: #650000; \"><strong>Quels avantages le matelas en laine a-t-il pour le monde\u00a0?<\/strong><\/p>\n\t\t\t<div class=\"wp-block-ub-content-toggle-accordion-toggle-wrap right\" style=\"color: #d18854;\"><span class=\"wp-block-ub-content-toggle-accordion-state-indicator wp-block-ub-math-plus\"><\/span><\/div>\n\t\t<\/div>\n\t\t\t<div role=\"region\" aria-expanded=\"false\" class=\"wp-block-ub-content-toggle-accordion-content-wrap ub-hide\" id=\"ub-content-toggle-panel-1-47004acf-00a9-419a-ba3a-8e2e913f90c8\">\n\n<p class=\"has-white-background-color has-text-color has-background\" style=\"color:#650000\">En Hollande et en France, la laine est un produit tr\u00e8s peu valoris\u00e9e, elle est souvent jet\u00e9e et les agriculteurs payent pour s'en d\u00e9barasser. Ou au mieux elle est export\u00e9e vers la Chine pour un prix d\u00e9risoire. Utiliser un produit local et si beau est donc d\u00e9j\u00e0 un acte noble pour le monde. Chaque r\u00e9gion a une race de mouton ad\u00e9quate pour les matelas, ce qui facilite l\u2019acquisition locale de laine. Le transport s'en trouve tr\u00e8s minimalis\u00e9. Le lavage de la laine est aussi local. Sa fibre est tellement parfaite, qu'elle n\u2019a besoin d\u2019aucune manipulation chimique ou autre. Aucun agent polluant n\u2019est mis en \u0153uvre pendant la production.<br>Une fois le matelas confectionn\u00e9, il durera une vie enti\u00e8re car tous les 8 \u00e0 10 ans une r\u00e9fection suffit pour regonfler et a\u00e9rer la laine, remettre un nouveau coutil et c'est reparti pour 8 \u00e0 10 ans de sommeil bienheureux.<br>En voil\u00e0 un produit durable !<\/p>\n\n\n\n<div class=\"wp-block-media-text alignwide is-stacked-on-mobile is-vertically-aligned-top\"><figure class=\"wp-block-media-text__media\"><img loading=\"lazy\" decoding=\"async\" width=\"400\" height=\"298\" src=\"https:\/\/laineetreves.com\/wp-content\/uploads\/2022\/01\/2971095987_1_3_dN2ttDA3.jpg\" alt=\"\" class=\"wp-image-11 size-full\" srcset=\"https:\/\/laineetreves.com\/wp-content\/uploads\/2022\/01\/2971095987_1_3_dN2ttDA3.jpg 400w, https:\/\/laineetreves.com\/wp-content\/uploads\/2022\/01\/2971095987_1_3_dN2ttDA3-300x224.jpg 300w\" sizes=\"auto, (max-width: 400px) 100vw, 400px\" \/><\/figure><div class=\"wp-block-media-text__content\">\n<p class=\"has-text-color\" style=\"color:#650000\">En France les maitres matelassiers venaient chez le client le matin t\u00f4t avec leurs cardeuse \u00e0 balancier sur roulettes. Ils s\u2019installaient dans la rue ou au jardin et en une journ\u00e9e de labeur ils r\u00e9fectionnaient le matelas. Le client n\u2019avait pas \u00e0 passer la nuit par terre, heureusement !<\/p>\n<\/div><\/div>\n\n<\/div>\n\t\t<\/div>\n\n<div class=\"wp-block-ub-content-toggle-accordion\" style=\"border-color: #ffffff; \" id=\"ub-content-toggle-panel-block-\">\n\t\t\t<div class=\"wp-block-ub-content-toggle-accordion-title-wrap\" style=\"background-color: #ffffff;\" aria-controls=\"ub-content-toggle-panel-2-47004acf-00a9-419a-ba3a-8e2e913f90c8\" tabindex=\"0\">\n\t\t\t<p class=\"wp-block-ub-content-toggle-accordion-title ub-content-toggle-title-47004acf-00a9-419a-ba3a-8e2e913f90c8\" style=\"color: #650000; \"><strong>D\u2019o\u00f9 viennent les mat\u00e9riaux utilis\u00e9s\u00a0?<\/strong><\/p>\n\t\t\t<div class=\"wp-block-ub-content-toggle-accordion-toggle-wrap right\" style=\"color: #d18854;\"><span class=\"wp-block-ub-content-toggle-accordion-state-indicator wp-block-ub-math-plus\"><\/span><\/div>\n\t\t<\/div>\n\t\t\t<div role=\"region\" aria-expanded=\"false\" class=\"wp-block-ub-content-toggle-accordion-content-wrap ub-hide\" id=\"ub-content-toggle-panel-2-47004acf-00a9-419a-ba3a-8e2e913f90c8\">\n\n<p class=\"has-text-color\" style=\"color:#650000\">La laine vient d\u2019\u00e9leveurs ici dans ma contr\u00e9e de la Hollande centrale. Je la fais laver dans la province de Drenthe. Le coutil du matelas sort d\u2019une usine de textile lin en Flandre. Le lin est produit dans le nord de la France et en Flandre. Pour un certain processus dans la production de la fibre le lin fais un saut en Pologne. J\u2019ai fait le choix de ne pas utiliser le coton car celui-ci vient de Chine et la production de coton a besoin de beaucoup plus d\u2019eau que celle du lin.<\/p>\n\n\n\n<figure class=\"wp-block-image size-large is-style-default\"><img decoding=\"async\" src=\"https:\/\/laineetreves.com\/wp-content\/uploads\/2022\/07\/IMG_4414-edited-1-1024x576.jpg\" alt=\"\" class=\"wp-image-499\"><\/figure>\n\n\n\n<p class=\"has-text-color\" style=\"color:#650000\">Je suis tr\u00e8s contente de ce tissu en lin bio. Il est magnifique et tr\u00e8s adapt\u00e9 pour la confection de matelas. D\u2019autres artisans matelassiers qui ont des crit\u00e8res de qualit\u00e9 pouss\u00e9s, utilisent aussi ce tissu. \nEn passant en Picardie cet \u00e9t\u00e9, je suis pass\u00e9e le long de nombreux champs de lins. Sur la photo voyez un champ d\u00e9j\u00e0 \u2018arrach\u00e9\u2019. Le lin est au stade de rouissage. C\u2019est un ph\u00e9nom\u00e8ne naturel qui  transforme la plante et permet d'en extraire la fibre. Pendant cette phase, l'alternance de ros\u00e9e, de pluie et de soleil invite les micro-organismes qui d\u00e9lient les pectines pr\u00e9sentes, en lib\u00e9rant les fibres de leur tige ligneuse. Le sol lui-m\u00eame exerce son influence en contribuant \u00e0 la couleur beige typique de la plante.<\/p>\n\n\n\n<p class=\"has-text-color\" style=\"color:#650000\">Pour plus d'informations sur le lin voir https:\/\/www.libeco.com\/fr\/a-propos-du-lin<\/p>\n\n<\/div>\n\t\t<\/div>\n\n<div class=\"wp-block-ub-content-toggle-accordion\" style=\"border-color: #ffffff; \" id=\"ub-content-toggle-panel-block-\">\n\t\t\t<div class=\"wp-block-ub-content-toggle-accordion-title-wrap\" style=\"background-color: #ffffff;\" aria-controls=\"ub-content-toggle-panel-3-47004acf-00a9-419a-ba3a-8e2e913f90c8\" tabindex=\"0\">\n\t\t\t<p class=\"wp-block-ub-content-toggle-accordion-title ub-content-toggle-title-47004acf-00a9-419a-ba3a-8e2e913f90c8\" style=\"color: #650000; \"><strong>Comment est confectionn\u00e9 le matelas\u00a0?<\/strong><\/p>\n\t\t\t<div class=\"wp-block-ub-content-toggle-accordion-toggle-wrap right\" style=\"color: #d18854;\"><span class=\"wp-block-ub-content-toggle-accordion-state-indicator wp-block-ub-math-plus\"><\/span><\/div>\n\t\t<\/div>\n\t\t\t<div role=\"region\" aria-expanded=\"false\" class=\"wp-block-ub-content-toggle-accordion-content-wrap ub-hide\" id=\"ub-content-toggle-panel-3-47004acf-00a9-419a-ba3a-8e2e913f90c8\">\n\n<p class=\"has-text-color\" style=\"color:#650000\">D\u2019abord il faut avoir tous les ingr\u00e9dients n\u00e9cessaires : la laine lav\u00e9e, le tissu, les outils, la table de travail, le fil etc\u2026 Donc je vais chercher la laine chez l\u2019\u00e9leveur, je la fait laver. Pendant ce temps je mesure et d\u00e9coupe le coutil comme il faut. Quand la laine est de retour je la passe dans la cardeuse. J\u2019ai une toute vieille cardeuse de matelassier. La laine en sort toute l\u00e9g\u00e8re comme des nuages. J\u2019adore ce moment o\u00f9 la laine s\u2019ouvre et s\u2019appr\u00eate \u00e0 devenir un nid douillet pour une belle personne !\u00a0<\/p>\n\n\n\n<figure class=\"wp-block-gallery has-nested-images columns-default is-cropped wp-block-gallery-2 is-layout-flex wp-block-gallery-is-layout-flex\">\n<figure class=\"wp-block-image size-large is-style-default\"><img loading=\"lazy\" decoding=\"async\" width=\"1920\" height=\"2560\" data-id=\"487\" src=\"https:\/\/laineetreves.com\/wp-content\/uploads\/2022\/07\/IMG_4372-scaled.jpg\" alt=\"\" class=\"wp-image-487\" srcset=\"https:\/\/laineetreves.com\/wp-content\/uploads\/2022\/07\/IMG_4372-scaled.jpg 1920w, https:\/\/laineetreves.com\/wp-content\/uploads\/2022\/07\/IMG_4372-225x300.jpg 225w, https:\/\/laineetreves.com\/wp-content\/uploads\/2022\/07\/IMG_4372-768x1024.jpg 768w, https:\/\/laineetreves.com\/wp-content\/uploads\/2022\/07\/IMG_4372-1152x1536.jpg 1152w, https:\/\/laineetreves.com\/wp-content\/uploads\/2022\/07\/IMG_4372-1536x2048.jpg 1536w, https:\/\/laineetreves.com\/wp-content\/uploads\/2022\/07\/IMG_4372-600x800.jpg 600w\" sizes=\"auto, (max-width: 1920px) 100vw, 1920px\" \/><\/figure>\n\n\n\n<figure class=\"wp-block-image size-large is-style-default\"><img loading=\"lazy\" decoding=\"async\" width=\"1920\" height=\"2560\" data-id=\"481\" src=\"https:\/\/laineetreves.com\/wp-content\/uploads\/2022\/07\/IMG_4339-scaled.jpg\" alt=\"\" class=\"wp-image-481\" srcset=\"https:\/\/laineetreves.com\/wp-content\/uploads\/2022\/07\/IMG_4339-scaled.jpg 1920w, https:\/\/laineetreves.com\/wp-content\/uploads\/2022\/07\/IMG_4339-225x300.jpg 225w, https:\/\/laineetreves.com\/wp-content\/uploads\/2022\/07\/IMG_4339-768x1024.jpg 768w, https:\/\/laineetreves.com\/wp-content\/uploads\/2022\/07\/IMG_4339-1152x1536.jpg 1152w, https:\/\/laineetreves.com\/wp-content\/uploads\/2022\/07\/IMG_4339-1536x2048.jpg 1536w, https:\/\/laineetreves.com\/wp-content\/uploads\/2022\/07\/IMG_4339-600x800.jpg 600w\" sizes=\"auto, (max-width: 1920px) 100vw, 1920px\" \/><\/figure>\n\n\n\n<figure class=\"wp-block-image size-large is-style-default\"><img loading=\"lazy\" decoding=\"async\" width=\"1920\" height=\"2560\" data-id=\"483\" src=\"https:\/\/laineetreves.com\/wp-content\/uploads\/2022\/07\/IMG_4350-scaled.jpg\" alt=\"\" class=\"wp-image-483\" srcset=\"https:\/\/laineetreves.com\/wp-content\/uploads\/2022\/07\/IMG_4350-scaled.jpg 1920w, https:\/\/laineetreves.com\/wp-content\/uploads\/2022\/07\/IMG_4350-225x300.jpg 225w, https:\/\/laineetreves.com\/wp-content\/uploads\/2022\/07\/IMG_4350-768x1024.jpg 768w, https:\/\/laineetreves.com\/wp-content\/uploads\/2022\/07\/IMG_4350-1152x1536.jpg 1152w, https:\/\/laineetreves.com\/wp-content\/uploads\/2022\/07\/IMG_4350-1536x2048.jpg 1536w, https:\/\/laineetreves.com\/wp-content\/uploads\/2022\/07\/IMG_4350-600x800.jpg 600w\" sizes=\"auto, (max-width: 1920px) 100vw, 1920px\" \/><\/figure>\n<\/figure>\n\n\n\n<p class=\"has-text-color\" style=\"color:#650000\">La laine card\u00e9e est d\u00e9pos\u00e9e sur la moiti\u00e9 du coutil. Le matelas fait alors \u00e0 peu pr\u00e8s 60 cm de hauteur ! La deuxi\u00e8me moiti\u00e9 du coutil est ensuite plac\u00e9e dessus et l\u00e0 commence le travail difficile pour les mains : \u00e9pingler les deux coutils ensemble. Apr\u00e8s \u00e7a le matelas ressemble \u00e0 un \u00e9norme coussin. Je couds le pourtour et les coins et puis c\u2019est le moment de fa\u00e7onner et donner au matelas sa forme. En piquant avec une longue aiguille, le carrelet, je pique le matelas et accroche avec des bouffettes la laine qui ainsi ne bougera plus. \nLa confection d\u2019un matelas me donne \u00e0 chaque fois une \u00e9norme satisfaction. C\u2019est un travail manuel laborieux  et quand je vois sur ma table ce magnifique matelas fini, je suis toute fi\u00e8re et heureuse de savoir qu\u2019un belle personne fera de beaux r\u00eaves sur ce matelas magique !<\/p>\n\n<\/div>\n\t\t<\/div>\n\n<div class=\"wp-block-ub-content-toggle-accordion\" style=\"border-color: #ffffff; \" id=\"ub-content-toggle-panel-block-\">\n\t\t\t<div class=\"wp-block-ub-content-toggle-accordion-title-wrap\" style=\"background-color: #ffffff;\" aria-controls=\"ub-content-toggle-panel-4-47004acf-00a9-419a-ba3a-8e2e913f90c8\" tabindex=\"0\">\n\t\t\t<p class=\"wp-block-ub-content-toggle-accordion-title ub-content-toggle-title-47004acf-00a9-419a-ba3a-8e2e913f90c8\" style=\"color: #650000; \"><strong>Combien co\u00fbte un matelas\u00a0?<\/strong><\/p>\n\t\t\t<div class=\"wp-block-ub-content-toggle-accordion-toggle-wrap right\" style=\"color: #d18854;\"><span class=\"wp-block-ub-content-toggle-accordion-state-indicator wp-block-ub-math-plus\"><\/span><\/div>\n\t\t<\/div>\n\t\t\t<div role=\"region\" aria-expanded=\"false\" class=\"wp-block-ub-content-toggle-accordion-content-wrap ub-hide\" id=\"ub-content-toggle-panel-4-47004acf-00a9-419a-ba3a-8e2e913f90c8\">\n\n<p class=\"has-text-color\" style=\"color:#650000\">Le prix est bien s\u00fbr d\u00e9pendant de la taille et de l\u2019\u00e9paisseur voulues. Toutes les tailles sont possibles. Dans  le tableau ci-dessous vous trouverez quelques tailles assez communes (en Hollande) et une id\u00e9e des prix en euros.<br>Er zijn twee soorten matrassen: een met \u2018bourrelets\u2019, een genaaide rand waardoor het matras een vierkante rand krijgt, dat is het traditioneel matras. \u00a0En ik maak een matras zonder die randen waardoor het meer op een futon lijkt met ronde randen. Het prijsverschil zit hem in het werk en deels ook in materiaal. Een rand maken vraagt een stuk meer tijd en meer tijk.<br>La diff\u00e9rence de prix entre les deux vient du surplus de travail et de mat\u00e9riel pour le matelas tradition.<\/p>\n\n\n\n<figure class=\"wp-block-table\"><table class=\"has-text-color\" style=\"color:#650000\"><tbody><tr><td><strong>Largeur x longueur x hauteur en cm<\/strong><\/td><td><strong>Futon<\/strong><\/td><td><strong>Tradition<\/strong><\/td><\/tr><tr><td>60 x 120 x 10<\/td><td>\u00a0\u20ac 485<\/td><td>x<\/td><\/tr><tr><td>80 x 200 x 15<\/td><td>\u00a0\u20ac 730<\/td><td>\u00a0\u20ac 830<\/td><\/tr><tr><td>90 x 200 x 15<\/td><td>\u00a0\u20ac 790<\/td><td>\u00a0\u20ac 905<\/td><\/tr><tr><td>120 x 200 x 15<\/td><td>\u00a0\u20ac 980<\/td><td>\u00a0\u20ac 1120<\/td><\/tr><tr><td>140 x 200 x 15<\/td><td>\u00a0\u20ac 1120<\/td><td>\u00a0\u20ac 1280<\/td><\/tr><tr><td>140 x 200 x 15<\/td><td>\u00a0\u20ac 1220<\/td><td>\u00a0\u20ac 1400<\/td><\/tr><\/tbody><\/table><\/figure>\n\n\n\n<p class=\"has-text-color\" style=\"color:#650000\">Ces prix peuvent changer en fonction de l'\u00e9volution du prix du mat\u00e9riel. Contactez-moi pour \u00eatre s\u00fbr.<\/p>\n\n<\/div>\n\t\t<\/div>\n\n<div class=\"wp-block-ub-content-toggle-accordion\" style=\"border-color: #ffffff; \" id=\"ub-content-toggle-panel-block-\">\n\t\t\t<div class=\"wp-block-ub-content-toggle-accordion-title-wrap\" style=\"background-color: #ffffff;\" aria-controls=\"ub-content-toggle-panel-5-47004acf-00a9-419a-ba3a-8e2e913f90c8\" tabindex=\"0\">\n\t\t\t<p class=\"wp-block-ub-content-toggle-accordion-title ub-content-toggle-title-47004acf-00a9-419a-ba3a-8e2e913f90c8\" style=\"color: #650000; \"><strong>Combien de temps durera mon matelas en laine\u00a0?<\/strong><\/p>\n\t\t\t<div class=\"wp-block-ub-content-toggle-accordion-toggle-wrap right\" style=\"color: #d18854;\"><span class=\"wp-block-ub-content-toggle-accordion-state-indicator wp-block-ub-math-plus\"><\/span><\/div>\n\t\t<\/div>\n\t\t\t<div role=\"region\" aria-expanded=\"false\" class=\"wp-block-ub-content-toggle-accordion-content-wrap ub-hide\" id=\"ub-content-toggle-panel-5-47004acf-00a9-419a-ba3a-8e2e913f90c8\">\n\n<p class=\"has-text-color\" style=\"color:#650000\">Votre matelas en laine durera toute une vie et plus. Si vous entretenez bien le matelas en l\u2019utilisant, en le tournant, en l\u2019a\u00e9rant et en l\u2019aspirant r\u00e9guli\u00e8rement, votre matelas restera en toute belle forme tr\u00e8s longtemps. Il est normal de le r\u00e9fectionner apr\u00e8s une dizaine d\u2019ann\u00e9e. Le matelas sera alors ouvert, la laine repassera dans la cardeuse et on la mettra au soleil qui la r\u00e9g\u00e9n\u00e9rera. La laine aime beaucoup le soleil et l\u2019air. Elle pourra se purifier comme cela. On r\u00e9fectionne le matelas avec un nouveau coutil et vous retrouverez votre matelas de laine comme neuf.<\/p>\n\n<\/div>\n\t\t<\/div>\n\n<div class=\"wp-block-ub-content-toggle-accordion\" style=\"border-color: #ffffff; \" id=\"ub-content-toggle-panel-block-\">\n\t\t\t<div class=\"wp-block-ub-content-toggle-accordion-title-wrap\" style=\"background-color: #ffffff;\" aria-controls=\"ub-content-toggle-panel-6-47004acf-00a9-419a-ba3a-8e2e913f90c8\" tabindex=\"0\">\n\t\t\t<p class=\"wp-block-ub-content-toggle-accordion-title ub-content-toggle-title-47004acf-00a9-419a-ba3a-8e2e913f90c8\" style=\"color: #650000; \"><strong>Les premi\u00e8res semaines : rodage du matelas<\/strong><\/p>\n\t\t\t<div class=\"wp-block-ub-content-toggle-accordion-toggle-wrap right\" style=\"color: #d18854;\"><span class=\"wp-block-ub-content-toggle-accordion-state-indicator wp-block-ub-math-plus\"><\/span><\/div>\n\t\t<\/div>\n\t\t\t<div role=\"region\" aria-expanded=\"false\" class=\"wp-block-ub-content-toggle-accordion-content-wrap ub-hide\" id=\"ub-content-toggle-panel-6-47004acf-00a9-419a-ba3a-8e2e913f90c8\">\n\n<p class=\"has-text-color\" style=\"color:#650000\">Un matelas traditionnel en laine qui sort de l\u2019atelier a une taille normalement plus petite que la taille voulue. Dans les premi\u00e8res semaines il prendra sa taille et son assise, c\u2019est le temps normal de rodage du matelas. Apr\u00e8s cette p\u00e9riode de rodage, le matelas aura ses dimensions d\u00e9finitives.<br>Les bords du matelas resterons naturellement plus gonfl\u00e9 et plus moelleux que le centre du lit. Pendant les 2 \u00e0 6 semaines de rodage le dormeur va avec son poids et ses mouvements finir le matelas en mettant la garniture petit \u00e0 petit en place. Cela personnalisera le matelas.\u00a0<\/p>\n\n<\/div>\n\t\t<\/div>\n\n<div class=\"wp-block-ub-content-toggle-accordion\" style=\"border-color: #ffffff; \" id=\"ub-content-toggle-panel-block-\">\n\t\t\t<div class=\"wp-block-ub-content-toggle-accordion-title-wrap\" style=\"background-color: #ffffff;\" aria-controls=\"ub-content-toggle-panel-7-47004acf-00a9-419a-ba3a-8e2e913f90c8\" tabindex=\"0\">\n\t\t\t<p class=\"wp-block-ub-content-toggle-accordion-title ub-content-toggle-title-47004acf-00a9-419a-ba3a-8e2e913f90c8\" style=\"color: #650000; \"><strong>L\u2019entretien du matelas<\/strong><\/p>\n\t\t\t<div class=\"wp-block-ub-content-toggle-accordion-toggle-wrap right\" style=\"color: #d18854;\"><span class=\"wp-block-ub-content-toggle-accordion-state-indicator wp-block-ub-math-plus\"><\/span><\/div>\n\t\t<\/div>\n\t\t\t<div role=\"region\" aria-expanded=\"false\" class=\"wp-block-ub-content-toggle-accordion-content-wrap ub-hide\" id=\"ub-content-toggle-panel-7-47004acf-00a9-419a-ba3a-8e2e913f90c8\">\n\n<p class=\"has-text-color\" style=\"color:#650000\">L\u2019entretien d\u2019un matelas en laine est simple :<\/p>\n\n\n\n<p class=\"has-text-color\" style=\"color:#650000\"><br>-<\/p>\n\n\n\n<div class=\"wp-block-group is-vertical is-layout-flex wp-container-core-group-is-layout-8cf370e7 wp-block-group-is-layout-flex\">\n<p class=\"has-text-color\" style=\"color:#650000\">Il est important qu\u2019il soit utilis\u00e9. Un matelas non utilis\u00e9 prendra l\u2019humidit\u00e9 et attirera les mites.<\/p>\n\n\n\n<p class=\"has-text-color\" style=\"color:#650000\">L\u2019a\u00e9ration de la chambre est importante, faites profiter \u00e0 votre matelas de l\u2019air et de la lumi\u00e8re quotidiennement.<\/p>\n\n\n\n<p class=\"has-text-color\" style=\"color:#650000\">A chaque changement de draps de lit, tourner le matelas : le dessous devient le dessus ou bien la t\u00eate devient les pieds.<\/p>\n\n\n\n<p class=\"has-text-color\" style=\"color:#650000\">Aspirer le matelas et les bouffettes au changement de draps<\/p>\n\n\n\n<p class=\"has-text-color\" style=\"color:#650000\">La laine est auto-r\u00e9g\u00e9n\u00e9rante quand elle est au contact de l\u2019air et de la lumi\u00e8re du soleil. Une fois par an faire dorer le matelas au soleil un jour bien ensoleill\u00e9 et le tapoter des deux c\u00f4t\u00e9s.<\/p>\n<\/div>\n\n<\/div>\n\t\t<\/div>\n\n<div class=\"wp-block-ub-content-toggle-accordion\" style=\"border-color: #ffffff; \" id=\"ub-content-toggle-panel-block-\">\n\t\t\t<div class=\"wp-block-ub-content-toggle-accordion-title-wrap\" style=\"background-color: #ffffff;\" aria-controls=\"ub-content-toggle-panel-8-47004acf-00a9-419a-ba3a-8e2e913f90c8\" tabindex=\"0\">\n\t\t\t<p class=\"wp-block-ub-content-toggle-accordion-title ub-content-toggle-title-47004acf-00a9-419a-ba3a-8e2e913f90c8\" style=\"color: #650000; \"><strong>Le matelas en laine est-il douillet ?<\/strong><\/p>\n\t\t\t<div class=\"wp-block-ub-content-toggle-accordion-toggle-wrap right\" style=\"color: #d18854;\"><span class=\"wp-block-ub-content-toggle-accordion-state-indicator wp-block-ub-math-plus\"><\/span><\/div>\n\t\t<\/div>\n\t\t\t<div role=\"region\" aria-expanded=\"false\" class=\"wp-block-ub-content-toggle-accordion-content-wrap ub-hide\" id=\"ub-content-toggle-panel-8-47004acf-00a9-419a-ba3a-8e2e913f90c8\">\n\n<p class=\"has-text-color\" style=\"color:#650000\">Cela est une question tr\u00e8s personnelle ; mais une fois le corps habitu\u00e9 \u00e0 la laine, il ne voudra plus autre chose. En tout cas, c'est ma propre exp\u00e9rience comme celle de beaucoup d\u2019autres.\u00a0<\/p>\n\n\n\n<p class=\"has-text-color\" style=\"color:#650000\">C\u2019est normal qu\u2019il y ait un temps d\u2019adaptation. Il faut s\u2019accoutumer au changement comme pour tout changement de literie.<\/p>\n\n\n\n<p class=\"has-text-color\" style=\"color:#650000\">En plus un matelas neuf a un processus normal de rodage, ce qui peut aussi \u00eatre d\u00e9routant au moment de l\u2019accoutumance au nouveau matelas.<\/p>\n\n\n\n<p class=\"has-text-color\" style=\"color:#650000\">Un matelas sera confectionn\u00e9 sur mesure et deviendra tout \u00e0 fait personnel. Il peut \u00eatre confectionn\u00e9 plus dur ou plus moelleux selon les besoins.<\/p>\n\n\n\n<p class=\"has-text-color\" style=\"color:#650000\">.<\/p>\n\n\n\n<figure class=\"wp-block-gallery has-nested-images columns-default is-cropped wp-block-gallery-3 is-layout-flex wp-block-gallery-is-layout-flex\">\n<figure class=\"wp-block-image size-large is-style-default\"><img loading=\"lazy\" decoding=\"async\" width=\"1920\" height=\"1664\" data-id=\"787\" src=\"https:\/\/laineetreves.com\/wp-content\/uploads\/2022\/08\/IMG_4405-scaled-e1661002695116.jpg\" alt=\"\" class=\"wp-image-787\" srcset=\"https:\/\/laineetreves.com\/wp-content\/uploads\/2022\/08\/IMG_4405-scaled-e1661002695116.jpg 1920w, https:\/\/laineetreves.com\/wp-content\/uploads\/2022\/08\/IMG_4405-scaled-e1661002695116-300x260.jpg 300w, https:\/\/laineetreves.com\/wp-content\/uploads\/2022\/08\/IMG_4405-scaled-e1661002695116-1024x887.jpg 1024w, https:\/\/laineetreves.com\/wp-content\/uploads\/2022\/08\/IMG_4405-scaled-e1661002695116-768x666.jpg 768w, https:\/\/laineetreves.com\/wp-content\/uploads\/2022\/08\/IMG_4405-scaled-e1661002695116-1536x1331.jpg 1536w, https:\/\/laineetreves.com\/wp-content\/uploads\/2022\/08\/IMG_4405-scaled-e1661002695116-600x520.jpg 600w\" sizes=\"auto, (max-width: 1920px) 100vw, 1920px\" \/><\/figure>\n\n\n\n<figure class=\"wp-block-image size-large is-style-default\"><img loading=\"lazy\" decoding=\"async\" width=\"1920\" height=\"2560\" data-id=\"488\" src=\"https:\/\/laineetreves.com\/wp-content\/uploads\/2022\/07\/IMG_4384-scaled.jpg\" alt=\"\" class=\"wp-image-488\" srcset=\"https:\/\/laineetreves.com\/wp-content\/uploads\/2022\/07\/IMG_4384-scaled.jpg 1920w, https:\/\/laineetreves.com\/wp-content\/uploads\/2022\/07\/IMG_4384-225x300.jpg 225w, https:\/\/laineetreves.com\/wp-content\/uploads\/2022\/07\/IMG_4384-768x1024.jpg 768w, https:\/\/laineetreves.com\/wp-content\/uploads\/2022\/07\/IMG_4384-1152x1536.jpg 1152w, https:\/\/laineetreves.com\/wp-content\/uploads\/2022\/07\/IMG_4384-1536x2048.jpg 1536w, https:\/\/laineetreves.com\/wp-content\/uploads\/2022\/07\/IMG_4384-600x800.jpg 600w\" sizes=\"auto, (max-width: 1920px) 100vw, 1920px\" \/><\/figure>\n<\/figure>\n\n\n\n<p class=\"has-text-color\" style=\"color:#650000\">.<\/p>\n\n<\/div>\n\t\t<\/div>\n\n<div class=\"wp-block-ub-content-toggle-accordion\" style=\"border-color: #ffffff; \" id=\"ub-content-toggle-panel-block-\">\n\t\t\t<div class=\"wp-block-ub-content-toggle-accordion-title-wrap\" style=\"background-color: #ffffff;\" aria-controls=\"ub-content-toggle-panel-9-47004acf-00a9-419a-ba3a-8e2e913f90c8\" tabindex=\"0\">\n\t\t\t<p class=\"wp-block-ub-content-toggle-accordion-title ub-content-toggle-title-47004acf-00a9-419a-ba3a-8e2e913f90c8\" style=\"color: #650000; \"><strong>Sur quoi dormaient nos anc\u00eatres europ\u00e9ens ?<\/strong><\/p>\n\t\t\t<div class=\"wp-block-ub-content-toggle-accordion-toggle-wrap right\" style=\"color: #d18854;\"><span class=\"wp-block-ub-content-toggle-accordion-state-indicator wp-block-ub-math-plus\"><\/span><\/div>\n\t\t<\/div>\n\t\t\t<div role=\"region\" aria-expanded=\"false\" class=\"wp-block-ub-content-toggle-accordion-content-wrap ub-hide\" id=\"ub-content-toggle-panel-9-47004acf-00a9-419a-ba3a-8e2e913f90c8\">\n\n<p class=\"has-text-color\" style=\"color:#650000\">Ayant v\u00e9cu en Hollande, c\u2019est l\u00e0 que j\u2019ai commenc\u00e9 mon activit\u00e9 de matelas en laine. J\u2019ai \u00e9t\u00e9 toute \u00e9tonn\u00e9e de voir que l\u00e0-bas les gens ne connaissaient pas cette tradition de literie garnie \u00e0 la laine de mouton. Je me suis pos\u00e9e la question sur quoi les anciens dormaient-ils ? Et j\u2019ai pos\u00e9 cette question \u00e0 mes amis.<br>Voil\u00e0 leurs r\u00e9ponses :<\/p>\n\n\n\n<p class=\"has-text-color\" style=\"color:#650000\">Crin de cheval, foin ou paille<\/p>\n\n\n\n<p class=\"has-text-color\" style=\"color:#650000\">Foug\u00e8res (pteridium aquilinum)<\/p>\n\n\n\n<p class=\"has-text-color\" style=\"color:#650000\">Kapok (Ceiba pentandra)\nZost\u00e8re maritime (Zostera marina)<\/p>\n\n\n\n<p class=\"has-text-color\" style=\"color:#650000\">Un ami Sicilien me racontait que quand il \u00e9tait petit, il dormait sur un matelas en laine qu\u2019il devait tout les jours secouer comme un coussin. J\u2019imagine qu\u2019il n'y avait pas de bouffettes dans le matelas pour maintenir la laine \u00e0 sa place\u2026<\/p>\n\n<\/div>\n\t\t<\/div>\n\n<div class=\"wp-block-ub-content-toggle-accordion\" style=\"border-color: #ffffff; \" id=\"ub-content-toggle-panel-block-\">\n\t\t\t<div class=\"wp-block-ub-content-toggle-accordion-title-wrap\" style=\"background-color: #ffffff;\" aria-controls=\"ub-content-toggle-panel-10-47004acf-00a9-419a-ba3a-8e2e913f90c8\" tabindex=\"0\">\n\t\t\t<p class=\"wp-block-ub-content-toggle-accordion-title ub-content-toggle-title-47004acf-00a9-419a-ba3a-8e2e913f90c8\" style=\"color: #650000; \"><strong>Et les mites dans tout \u00e7a ?<\/strong><\/p>\n\t\t\t<div class=\"wp-block-ub-content-toggle-accordion-toggle-wrap right\" style=\"color: #d18854;\"><span class=\"wp-block-ub-content-toggle-accordion-state-indicator wp-block-ub-math-plus\"><\/span><\/div>\n\t\t<\/div>\n\t\t\t<div role=\"region\" aria-expanded=\"false\" class=\"wp-block-ub-content-toggle-accordion-content-wrap ub-hide\" id=\"ub-content-toggle-panel-10-47004acf-00a9-419a-ba3a-8e2e913f90c8\">\n\n<p class=\"has-text-color\" style=\"color:#650000\">Les mites mangent et rangent la laine sale (les taches dans les pulls...) et celle qui n\u2019est pas utilis\u00e9e. Un matelas utilis\u00e9 et bien entretenu ne sera donc pas mang\u00e9 par les mites. Si vous avez d\u00e9j\u00e0 des mites \u00e0 la maison il faut savoir qu\u2019elles se nourrissent de lainages rang\u00e9s et inutilis\u00e9s. M\u00eame bien lav\u00e9s les pulls ou couvertures en laine peuvent loger des mites s\u2019ils ne sont pas utilis\u00e9s.<\/p>\n\n\n\n<p class=\"has-text-color\" style=\"color:#650000\"><br>Pour bien ranger les lainages en attendant la saison froide, il faut les laver, les faire s\u00e9cher au soleil, les emballer dans des papiers journaux  et les ranger dans des sachets en plastics bien ferm\u00e9s. Ne pas laisser de lainages inutilis\u00e9s trainer ou mal rang\u00e9s ! Pour savoir si vous avez encore des mites, mettez des attrapes mites dans chaque pi\u00e8ce de la maison.<\/p>\n\n<\/div>\n\t\t<\/div>\n<\/div>\n\n<div class=\"wp-block-image\">\n<figure class=\"aligncenter size-large is-resized\"><img loading=\"lazy\" decoding=\"async\" src=\"https:\/\/laineetreves.com\/wp-content\/uploads\/2022\/08\/sccchaapjes-1024x129.png\" alt=\"\" class=\"wp-image-683\" width=\"536\" height=\"66\"\/><\/figure>\n<\/div>","protected":false},"excerpt":{"rendered":"<p>Wil je meer weten? Ja, leuk h\u00e8?! Kijk maar of je vraag hieronder zit. En klik op de vraag voor het antwoord. Of neem contact met mij op.<\/p>","protected":false},"author":1,"featured_media":0,"parent":0,"menu_order":0,"comment_status":"closed","ping_status":"closed","template":"","meta":{"_eb_attr":"","footnotes":""},"class_list":["post-85","page","type-page","status-publish","hentry"],"featured_image_src":null,"featured_media_urls":[],"_links":{"self":[{"href":"https:\/\/laineetreves.com\/fr\/wp-json\/wp\/v2\/pages\/85","targetHints":{"allow":["GET"]}}],"collection":[{"href":"https:\/\/laineetreves.com\/fr\/wp-json\/wp\/v2\/pages"}],"about":[{"href":"https:\/\/laineetreves.com\/fr\/wp-json\/wp\/v2\/types\/page"}],"author":[{"embeddable":true,"href":"https:\/\/laineetreves.com\/fr\/wp-json\/wp\/v2\/users\/1"}],"replies":[{"embeddable":true,"href":"https:\/\/laineetreves.com\/fr\/wp-json\/wp\/v2\/comments?post=85"}],"version-history":[{"count":117,"href":"https:\/\/laineetreves.com\/fr\/wp-json\/wp\/v2\/pages\/85\/revisions"}],"predecessor-version":[{"id":894,"href":"https:\/\/laineetreves.com\/fr\/wp-json\/wp\/v2\/pages\/85\/revisions\/894"}],"wp:attachment":[{"href":"https:\/\/laineetreves.com\/fr\/wp-json\/wp\/v2\/media?parent=85"}],"curies":[{"name":"wp","href":"https:\/\/api.w.org\/{rel}","templated":true}]}}